{"id":1363,"date":"2025-05-15T11:52:24","date_gmt":"2025-05-15T14:52:24","guid":{"rendered":"https:\/\/carvalhoefreire.com.br\/?page_id=1363"},"modified":"2025-05-19T09:11:20","modified_gmt":"2025-05-19T12:11:20","slug":"leonardo-paixao","status":"publish","type":"page","link":"https:\/\/carvalhoefreire.com.br\/en\/leonardo-paixao\/","title":{"rendered":"Leonardo Paix\u00e3o"},"content":{"rendered":"\t\t<div data-elementor-type=\"wp-page\" data-elementor-id=\"1363\" class=\"elementor elementor-1363\">\n\t\t\t\t<div class=\"elementor-element elementor-element-652af17 e-flex e-con-boxed wpr-particle-no wpr-jarallax-no wpr-parallax-no wpr-sticky-section-no wpr-column-slider-no wpr-equal-height-no e-con e-parent\" data-id=\"652af17\" data-element_type=\"container\" data-e-type=\"container\" data-settings=\"{&quot;background_background&quot;:&quot;slideshow&quot;,&quot;background_slideshow_gallery&quot;:[{&quot;id&quot;:1333,&quot;url&quot;:&quot;https:\\\/\\\/carvalhoefreire.com.br\\\/wp-content\\\/uploads\\\/2025\\\/05\\\/Sem-Titulo-2-2.png&quot;}],&quot;background_slideshow_loop&quot;:&quot;yes&quot;,&quot;background_slideshow_slide_duration&quot;:5000,&quot;background_slideshow_slide_transition&quot;:&quot;fade&quot;,&quot;background_slideshow_transition_duration&quot;:500}\">\n\t\t\t\t\t<div class=\"e-con-inner\">\n\t\t<div class=\"elementor-element elementor-element-28c5237 e-grid e-con-full wpr-particle-no wpr-jarallax-no wpr-parallax-no wpr-sticky-section-no wpr-column-slider-no wpr-equal-height-no e-con e-child\" data-id=\"28c5237\" data-element_type=\"container\" data-e-type=\"container\">\n\t\t<div class=\"elementor-element elementor-element-de0af71 e-con-full e-flex wpr-particle-no wpr-jarallax-no wpr-parallax-no wpr-sticky-section-no wpr-column-slider-no wpr-equal-height-no e-con e-child\" data-id=\"de0af71\" data-element_type=\"container\" data-e-type=\"container\">\n\t\t\t\t<div class=\"elementor-element elementor-element-4708a0a elementor-widget elementor-widget-heading\" data-id=\"4708a0a\" data-element_type=\"widget\" data-e-type=\"widget\" data-widget_type=\"heading.default\">\n\t\t\t\t<div class=\"elementor-widget-container\">\n\t\t\t\t\t<h2 class=\"elementor-heading-title elementor-size-default\">Leonardo Paix\u00e3o<\/h2>\t\t\t\t<\/div>\n\t\t\t\t<\/div>\n\t\t\t\t<div class=\"elementor-element elementor-element-489fd60 elementor-widget elementor-widget-text-editor\" data-id=\"489fd60\" data-element_type=\"widget\" data-e-type=\"widget\" data-widget_type=\"text-editor.default\">\n\t\t\t\t<div class=\"elementor-widget-container\">\n\t\t\t\t\t\t\t\t\t<p>Diretor Jur\u00eddico<\/p><p>leo.paix\u00e3o@carvalhoefreire.com.br<\/p><p>(61) 99372-0764<\/p>\t\t\t\t\t\t\t\t<\/div>\n\t\t\t\t<\/div>\n\t\t\t\t<\/div>\n\t\t\t\t<\/div>\n\t\t\t\t\t<\/div>\n\t\t\t\t<\/div>\n\t\t<div class=\"elementor-element elementor-element-9ea9511 e-flex e-con-boxed wpr-particle-no wpr-jarallax-no wpr-parallax-no wpr-sticky-section-no wpr-column-slider-no wpr-equal-height-no e-con e-parent\" data-id=\"9ea9511\" data-element_type=\"container\" data-e-type=\"container\">\n\t\t\t\t\t<div class=\"e-con-inner\">\n\t\t<div class=\"elementor-element elementor-element-34ba335 e-grid e-con-full wpr-particle-no wpr-jarallax-no wpr-parallax-no wpr-sticky-section-no wpr-column-slider-no wpr-equal-height-no e-con e-child\" data-id=\"34ba335\" data-element_type=\"container\" data-e-type=\"container\">\n\t\t<div class=\"elementor-element elementor-element-c08d884 e-con-full e-flex wpr-particle-no wpr-jarallax-no wpr-parallax-no wpr-sticky-section-no wpr-column-slider-no wpr-equal-height-no e-con e-child\" data-id=\"c08d884\" data-element_type=\"container\" data-e-type=\"container\">\n\t\t\t\t<div class=\"elementor-element elementor-element-1ae09b7 elementor-widget elementor-widget-text-editor\" data-id=\"1ae09b7\" data-element_type=\"widget\" data-e-type=\"widget\" data-widget_type=\"text-editor.default\">\n\t\t\t\t<div class=\"elementor-widget-container\">\n\t\t\t\t\t\t\t\t\t<p data-start=\"417\" data-end=\"757\">Leonardo \u00e9 Diretor Jur\u00eddico da Carvalho e Freire Advogados Associados, com s\u00f3lida experi\u00eancia em casos de alta complexidade.<\/p><p data-start=\"114\" data-end=\"588\">Com mais de 15 anos de trajet\u00f3ria dedicada ao ensino e \u00e0 pr\u00e1tica jur\u00eddica, Leonardo \u00e9 advogado desde 2009, tendo consolidado sua carreira na condu\u00e7\u00e3o de casos criminais de alta complexidade, com participa\u00e7\u00e3o ativa em mais de 100 processos relevantes. Reconhecido por sua atua\u00e7\u00e3o t\u00e9cnica e estrat\u00e9gica, alia a experi\u00eancia de campo \u00e0 s\u00f3lida forma\u00e7\u00e3o acad\u00eamica, sendo p\u00f3s-graduado lato sensu em Direito P\u00fablico, com especializa\u00e7\u00e3o em Direito Tribut\u00e1rio, Penal e Administrativo.<\/p><p data-start=\"590\" data-end=\"955\">Sua voca\u00e7\u00e3o acad\u00eamica o levou a se tornar refer\u00eancia no ensino jur\u00eddico, especialmente nas \u00e1reas de Direito Penal e Constitucional, onde, ao longo de uma d\u00e9cada e meia como Professor Universit\u00e1rio, foi respons\u00e1vel por orientar e preparar cerca de 6 mil candidatos que alcan\u00e7aram aprova\u00e7\u00e3o no Exame da Ordem, contribuindo para a forma\u00e7\u00e3o de advogados em todo o pa\u00eds.<\/p><p data-start=\"957\" data-end=\"1272\">Atualmente, Leonardo exerce o cargo de Diretor Jur\u00eddico da Carvalho e Freire Advogados Associados, posi\u00e7\u00e3o em que lidera a estrat\u00e9gia jur\u00eddica do escrit\u00f3rio, coordenando equipes multidisciplinares e projetos de alta complexidade, sempre com foco em solu\u00e7\u00f5es personalizadas, t\u00e9cnicas e inovadoras para seus clientes.<\/p>\t\t\t\t\t\t\t\t<\/div>\n\t\t\t\t<\/div>\n\t\t\t\t<\/div>\n\t\t\t\t<div class=\"elementor-element elementor-element-8020dfe elementor-widget elementor-widget-image\" data-id=\"8020dfe\" data-element_type=\"widget\" data-e-type=\"widget\" data-widget_type=\"image.default\">\n\t\t\t\t<div class=\"elementor-widget-container\">\n\t\t\t\t\t\t\t\t\t\t\t\t\t\t\t<img fetchpriority=\"high\" decoding=\"async\" width=\"720\" height=\"1279\" src=\"https:\/\/carvalhoefreire.com.br\/wp-content\/uploads\/2025\/05\/Leo-8.png\" class=\"elementor-animation-grow attachment-full size-full wp-image-1449\" alt=\"\" srcset=\"https:\/\/carvalhoefreire.com.br\/wp-content\/uploads\/2025\/05\/Leo-8.png 720w, https:\/\/carvalhoefreire.com.br\/wp-content\/uploads\/2025\/05\/Leo-8-169x300.png 169w, https:\/\/carvalhoefreire.com.br\/wp-content\/uploads\/2025\/05\/Leo-8-576x1024.png 576w, https:\/\/carvalhoefreire.com.br\/wp-content\/uploads\/2025\/05\/Leo-8-7x12.png 7w\" sizes=\"(max-width: 720px) 100vw, 720px\" \/>\t\t\t\t\t\t\t\t\t\t\t\t\t\t\t<\/div>\n\t\t\t\t<\/div>\n\t\t\t\t<\/div>\n\t\t\t\t\t<\/div>\n\t\t\t\t<\/div>\n\t\t\t\t<\/div>\n\t\t","protected":false},"excerpt":{"rendered":"<p>Leonardo Paix\u00e3o Diretor Jur\u00eddico leo.paix\u00e3o@carvalhoefreire.com.br (61) 99372-0764 Leonardo \u00e9 Diretor Jur\u00eddico da Carvalho e Freire Advogados Associados, com s\u00f3lida experi\u00eancia em casos de alta complexidade. Com mais de 15 anos de trajet\u00f3ria dedicada ao ensino e \u00e0 pr\u00e1tica jur\u00eddica, Leonardo \u00e9 advogado desde 2009, tendo consolidado sua carreira na condu\u00e7\u00e3o de casos criminais de alta complexidade, com participa\u00e7\u00e3o ativa em mais de 100 processos relevantes. Reconhecido por sua atua\u00e7\u00e3o t\u00e9cnica e estrat\u00e9gica, alia a experi\u00eancia de campo \u00e0 s\u00f3lida forma\u00e7\u00e3o acad\u00eamica, sendo p\u00f3s-graduado lato sensu em Direito P\u00fablico, com especializa\u00e7\u00e3o em Direito Tribut\u00e1rio, Penal e Administrativo. Sua voca\u00e7\u00e3o acad\u00eamica o levou a se tornar refer\u00eancia no ensino jur\u00eddico, especialmente nas \u00e1reas de Direito Penal e Constitucional, onde, ao longo de uma d\u00e9cada e meia como Professor Universit\u00e1rio, foi respons\u00e1vel por orientar e preparar cerca de 6 mil candidatos que alcan\u00e7aram aprova\u00e7\u00e3o no Exame da Ordem, contribuindo para a forma\u00e7\u00e3o de advogados em todo o pa\u00eds. Atualmente, Leonardo exerce o cargo de Diretor Jur\u00eddico da Carvalho e Freire Advogados Associados, posi\u00e7\u00e3o em que lidera a estrat\u00e9gia jur\u00eddica do escrit\u00f3rio, coordenando equipes multidisciplinares e projetos de alta complexidade, sempre com foco em solu\u00e7\u00f5es personalizadas, t\u00e9cnicas e inovadoras para seus clientes.<\/p>","protected":false},"author":1,"featured_media":0,"parent":0,"menu_order":0,"comment_status":"closed","ping_status":"closed","template":"elementor_header_footer","meta":{"_acf_changed":false,"footnotes":""},"class_list":["post-1363","page","type-page","status-publish","hentry"],"acf":[],"_links":{"self":[{"href":"https:\/\/carvalhoefreire.com.br\/en\/wp-json\/wp\/v2\/pages\/1363","targetHints":{"allow":["GET"]}}],"collection":[{"href":"https:\/\/carvalhoefreire.com.br\/en\/wp-json\/wp\/v2\/pages"}],"about":[{"href":"https:\/\/carvalhoefreire.com.br\/en\/wp-json\/wp\/v2\/types\/page"}],"author":[{"embeddable":true,"href":"https:\/\/carvalhoefreire.com.br\/en\/wp-json\/wp\/v2\/users\/1"}],"replies":[{"embeddable":true,"href":"https:\/\/carvalhoefreire.com.br\/en\/wp-json\/wp\/v2\/comments?post=1363"}],"version-history":[{"count":16,"href":"https:\/\/carvalhoefreire.com.br\/en\/wp-json\/wp\/v2\/pages\/1363\/revisions"}],"predecessor-version":[{"id":1452,"href":"https:\/\/carvalhoefreire.com.br\/en\/wp-json\/wp\/v2\/pages\/1363\/revisions\/1452"}],"wp:attachment":[{"href":"https:\/\/carvalhoefreire.com.br\/en\/wp-json\/wp\/v2\/media?parent=1363"}],"curies":[{"name":"wp","href":"https:\/\/api.w.org\/{rel}","templated":true}]}}